{"id":5756,"date":"2023-07-14T13:20:50","date_gmt":"2023-07-14T11:20:50","guid":{"rendered":"https:\/\/excellerator.it\/?page_id=5756"},"modified":"2023-07-14T17:05:14","modified_gmt":"2023-07-14T15:05:14","slug":"testimoni-ed-imputati-nel-processo-penale-chi-viene-ascoltato-per-primo","status":"publish","type":"page","link":"https:\/\/carlozaccagnini.it\/it\/papers\/testimoni-ed-imputati-nel-processo-penale-chi-viene-ascoltato-per-primo\/","title":{"rendered":"Testimoni ed imputati nel processo penale: chi viene ascoltato per primo?"},"content":{"rendered":"<div class=\"wpb-content-wrapper\"><p>[vc_row][vc_column][vc_btn title=&#8221;TORNA A PAPERS&#8221; align=&#8221;right&#8221; link=&#8221;url:https%3A%2F%2Fcarlozaccagnini.it%2Fit%2Fpapers%2F&#8221;][vc_empty_space height=&#8221;10px&#8221;][vc_column_text]<\/p>\n<h3 class=\"fl-heading\"><span class=\"fl-heading-text\" style=\"color: #1f497d;\">Testimoni ed imputati nel processo penale: chi viene ascoltato per primo? Qual \u00e8 l\u2019ordine corretto?<\/span><\/h3>\n<h3 class=\"fl-heading\"><span class=\"fl-heading-text\" style=\"color: #1f497d;\">\u00a0<\/span><\/h3>\n<p>[\/vc_column_text][vc_empty_space height=&#8221;30px&#8221;][\/vc_column][\/vc_row][vc_row][vc_column][vc_column_text]<\/p>\n<div class=\"fl-module fl-module-rich-text fl-node-5ece36b40716d\" data-node=\"5ece36b40716d\">\n<div class=\"fl-module-content fl-node-content\">\n<div class=\"fl-rich-text\">\n<div class=\"fl-module fl-module-rich-text fl-node-5ea1706abbcbc\" data-node=\"5ea1706abbcbc\">\n<div class=\"fl-module-content fl-node-content\">\n<div class=\"fl-rich-text\">\n<div class=\"fl-module fl-module-heading fl-node-5e985612bd42d\" data-node=\"5e985612bd42d\">\n<h5>La fase di istruzione dibattimentale nel giudizio penale ha inizio con l\u2019assunzione delle prove: esame delle parti, esame delle persone indicate nelle liste testi <em>ex <\/em>art. 468 c.p.p., deposito di documenti <em>ex <\/em>art. 234 ss. c.p.p..<\/h5>\n<\/div>\n<div class=\"fl-module fl-module-rich-text fl-node-5e986930b9911\" data-node=\"5e986930b9911\">\n<div class=\"fl-module-content fl-node-content\">\n<div class=\"fl-rich-text\">\n<h5>L\u2019art. 496, primo comma, c.p.p. disciplina l\u2019ordine di assunzione delle prove testimoniali: il dibattimento si apre \u201c<strong><em>con l\u2019assunzione delle prove richieste dal pubblico ministero e prosegue con l\u2019assunzione di quelle richieste da altre parti <\/em><\/strong><em>[\u2026]<\/em>\u201d. Precisa, poi, l\u2019art. 150 disp. att. c.p.p.: \u201c<strong><em>L\u2019esame delle parti private<\/em><\/strong><em>, nell\u2019ordine previsto dall\u2019art. 503 comma 1 del codice, <\/em><strong><em>ha <\/em><\/strong><strong><em>luogo appena terminata l\u2019assunzione delle prove a carico dell\u2019imputato<\/em><\/strong>\u201d: dunque, prima sar\u00e0 esaminata la parte civile, poi il responsabile civile, la persona civilmente obbligata per la pena pecuniaria \u2013 se parti processuali nel giudizio \u2013 ed, infine, l\u2019imputato.<\/h5>\n<h5>L\u2019esame dell\u2019imputato avviene prima dell\u2019escussione dei testi della difesa; la norma evita che l\u2019imputato uniformi le proprie dichiarazioni a quelle rese dai testi introdotti dalla propria difesa (BONILINI \u2013 CONFORTINI, <em>Codice di procedura penale commentato<\/em>, 2012, Milano, 3213).<\/h5>\n<h5><strong>Se l\u2019esame dell\u2019imputato \u00e8 richiesto sia dall\u2019Inquirente che dalla difesa, posto che \u00e8 attribuita priorit\u00e0 ai mezzi di prova richiesti dalla Pubblica Accusa<\/strong>, <strong>l\u2019imputato sar\u00e0 ascoltato prima dei testimoni della sua difesa<\/strong>. Resta salva per le parti la facolt\u00e0 di concordare un diverso ordine di assunzione delle prove testimoniale in qualsiasi momento processuale.<\/h5>\n<h5>Non \u00e8 invece disciplinata dal Codice di rito l\u2019ipotesi di richiesta concorrente delle parti (pubblico ministero ed imputato) dell\u2019esame di un testimone sulle medesime circostanze, molto frequente nella prassi. La giurisprudenza ha chiarito sul punto che \u00e8 da assegnare precedenza alla pubblica accusa (<em>Cass. Pen., Sez. I, 27 giugno 2002, Boscherini ed altri, in GDir, 2002, 49, 94<\/em>).<\/h5>\n<h5>Le regole sull\u2019ordine di assunzione delle prove hanno natura ordinatoria; la loro violazione non determina conseguenze sull\u2019utilizzabilit\u00e0 delle prove assunte, n\u00e9 nullit\u00e0 (<em>Cass. Pen., Sez. VI, 4 dicembre <\/em><em>2002, Grippo ed altro, in Mass, Uff., 224057<\/em>).<\/h5>\n<\/div>\n<\/div>\n<\/div>\n<p style=\"text-align: center;\"><span style=\"color: #333333;\">\u00a0Avvocato Carlo Zaccagnini<\/span><\/p>\n<\/div>\n<\/div>\n<\/div>\n<\/div>\n<\/div>\n<\/div>\n<p>[\/vc_column_text][vc_empty_space height=&#8221;50px&#8221;][\/vc_column][\/vc_row][vc_row css=&#8221;.vc_custom_1688390796203{background-color: #1f497d !important;}&#8221;][vc_column]<div class=\"mkdf-call-to-action-holder  mkdf-normal-layout  mkdf-three-quarters-columns\">\n\n\t<div class=\"mkdf-cta-inner \">\n\t\t<div class=\"mkdf-cta-icon-holder\">\n\t\t\t<span aria-hidden=\"true\" class=\"mkdf-icon-font-elegant  \" style=\"color: #ffffff;font-size: 30px\"><\/span>\t\t<\/div>\n\t\t<div class=\"mkdf-cta-text-holder\">\n\t\t\t<div class=\"mkdf-cta-text\">\n<h2 style=\"text-align: left;\"><span style=\"color: #165253;\"><span style=\"color: #ffffff;\">Dubbi o necessit\u00e0?<\/span><br \/>\n<\/span><\/h2>\n<\/div>\n\t\t<\/div>\n\t\t<div class=\"mkdf-cta-button-holder\" >\n\t\t\t<div class=\"mkdf-cta-button\"><a itemprop=\"url\" href=\"https:\/\/carlozaccagnini.it\/it\/contatti\/\" target=\"_self\" style=\"color: #ffffff;background-color: #1a2843;border-color: #1a2843\" class=\"mkdf-btn mkdf-btn-medium mkdf-btn-solid mkdf-btn-custom-hover-bg mkdf-btn-custom-border-hover mkdf-btn-custom-hover-color\" data-hover-color=\"#1a2843\" data-hover-bg-color=\"#f2f2ef\" data-hover-border-color=\"#1a2843\" >    <span class=\"mkdf-btn-text\">CONTATTACI<\/span>    <\/a><\/div>\n\t\t<\/div>\n\t<\/div>\n<\/div>[vc_empty_space][\/vc_column][\/vc_row][vc_row][vc_column][vc_column_text]<\/p>\n<p style=\"text-align: right;\"><a href=\"https:\/\/carlozaccagnini.it\/it\/disclaimer\/\" target=\"_blank\" rel=\"noopener\"><strong>DISCLAIMER<\/strong><\/a><\/p>\n<p>[\/vc_column_text][\/vc_column][\/vc_row]<\/p>\n<\/div>","protected":false},"excerpt":{"rendered":"<p>[vc_row][vc_column][vc_btn title=&#8221;TORNA A PAPERS&#8221; align=&#8221;right&#8221; link=&#8221;url:https%3A%2F%2Fcarlozaccagnini.it%2Fit%2Fpapers%2F&#8221;][vc_empty_space height=&#8221;10px&#8221;][vc_column_text] Testimoni ed imputati nel processo penale: chi viene ascoltato per primo? Qual \u00e8 l\u2019ordine corretto? \u00a0 [\/vc_column_text][vc_empty_space height=&#8221;30px&#8221;][\/vc_column][\/vc_row][vc_row][vc_column][vc_column_text] La fase di istruzione dibattimentale [&hellip;]<\/p>\n","protected":false},"author":2,"featured_media":0,"parent":4116,"menu_order":0,"comment_status":"closed","ping_status":"closed","template":"","meta":{"footnotes":""},"class_list":["post-5756","page","type-page","status-publish","hentry"],"yoast_head":"<!-- This site is optimized with the Yoast SEO plugin v27.5 - https:\/\/yoast.com\/product\/yoast-seo-wordpress\/ -->\n<title>Testimoni ed imputati nel processo penale: chi viene ascoltato per primo? | Studio Legale Avv. Carlo Zaccagnini<\/title>\n<meta name=\"description\" content=\"\u00c8 ritrattabile la richiesta di accesso al rito alternativo del giudizio abbreviato da parte dell\u2019imputato?\" \/>\n<meta name=\"robots\" content=\"index, follow, max-snippet:-1, max-image-preview:large, max-video-preview:-1\" \/>\n<link rel=\"canonical\" href=\"https:\/\/carlozaccagnini.it\/it\/papers\/testimoni-ed-imputati-nel-processo-penale-chi-viene-ascoltato-per-primo\/\" \/>\n<meta property=\"og:locale\" content=\"it_IT\" \/>\n<meta property=\"og:type\" content=\"article\" \/>\n<meta property=\"og:title\" content=\"Testimoni ed imputati nel processo penale: chi viene ascoltato per primo? | Studio Legale Avv. Carlo Zaccagnini\" \/>\n<meta property=\"og:description\" content=\"\u00c8 ritrattabile la richiesta di accesso al rito alternativo del giudizio abbreviato da parte dell\u2019imputato?\" \/>\n<meta property=\"og:url\" content=\"https:\/\/carlozaccagnini.it\/it\/papers\/testimoni-ed-imputati-nel-processo-penale-chi-viene-ascoltato-per-primo\/\" \/>\n<meta property=\"og:site_name\" content=\"Studio Legale Avv. Carlo Zaccagnini\" \/>\n<meta property=\"article:modified_time\" content=\"2023-07-14T15:05:14+00:00\" \/>\n<meta name=\"twitter:card\" content=\"summary_large_image\" \/>\n<meta name=\"twitter:label1\" content=\"Tempo di lettura stimato\" \/>\n\t<meta name=\"twitter:data1\" content=\"2 minuti\" \/>\n<script type=\"application\/ld+json\" class=\"yoast-schema-graph\">{\"@context\":\"https:\\\/\\\/schema.org\",\"@graph\":[{\"@type\":\"WebPage\",\"@id\":\"https:\\\/\\\/carlozaccagnini.it\\\/it\\\/papers\\\/testimoni-ed-imputati-nel-processo-penale-chi-viene-ascoltato-per-primo\\\/\",\"url\":\"https:\\\/\\\/carlozaccagnini.it\\\/it\\\/papers\\\/testimoni-ed-imputati-nel-processo-penale-chi-viene-ascoltato-per-primo\\\/\",\"name\":\"Testimoni ed imputati nel processo penale: chi viene ascoltato per primo? | Studio Legale Avv. Carlo Zaccagnini\",\"isPartOf\":{\"@id\":\"https:\\\/\\\/carlozaccagnini.it\\\/it\\\/#website\"},\"datePublished\":\"2023-07-14T11:20:50+00:00\",\"dateModified\":\"2023-07-14T15:05:14+00:00\",\"description\":\"\u00c8 ritrattabile la richiesta di accesso al rito alternativo del giudizio abbreviato da parte dell\u2019imputato?\",\"breadcrumb\":{\"@id\":\"https:\\\/\\\/carlozaccagnini.it\\\/it\\\/papers\\\/testimoni-ed-imputati-nel-processo-penale-chi-viene-ascoltato-per-primo\\\/#breadcrumb\"},\"inLanguage\":\"it-IT\",\"potentialAction\":[{\"@type\":\"ReadAction\",\"target\":[\"https:\\\/\\\/carlozaccagnini.it\\\/it\\\/papers\\\/testimoni-ed-imputati-nel-processo-penale-chi-viene-ascoltato-per-primo\\\/\"]}]},{\"@type\":\"BreadcrumbList\",\"@id\":\"https:\\\/\\\/carlozaccagnini.it\\\/it\\\/papers\\\/testimoni-ed-imputati-nel-processo-penale-chi-viene-ascoltato-per-primo\\\/#breadcrumb\",\"itemListElement\":[{\"@type\":\"ListItem\",\"position\":1,\"name\":\"Home\",\"item\":\"https:\\\/\\\/carlozaccagnini.it\\\/it\\\/\"},{\"@type\":\"ListItem\",\"position\":2,\"name\":\"White Papers\",\"item\":\"https:\\\/\\\/carlozaccagnini.it\\\/it\\\/papers\\\/\"},{\"@type\":\"ListItem\",\"position\":3,\"name\":\"Testimoni ed imputati nel processo penale: chi viene ascoltato per primo?\"}]},{\"@type\":\"WebSite\",\"@id\":\"https:\\\/\\\/carlozaccagnini.it\\\/it\\\/#website\",\"url\":\"https:\\\/\\\/carlozaccagnini.it\\\/it\\\/\",\"name\":\"Studio Legale Avv. Carlo Zaccagnini\",\"description\":\"White Collar Crime Defence\",\"publisher\":{\"@id\":\"https:\\\/\\\/carlozaccagnini.it\\\/it\\\/#organization\"},\"potentialAction\":[{\"@type\":\"SearchAction\",\"target\":{\"@type\":\"EntryPoint\",\"urlTemplate\":\"https:\\\/\\\/carlozaccagnini.it\\\/it\\\/?s={search_term_string}\"},\"query-input\":{\"@type\":\"PropertyValueSpecification\",\"valueRequired\":true,\"valueName\":\"search_term_string\"}}],\"inLanguage\":\"it-IT\"},{\"@type\":\"Organization\",\"@id\":\"https:\\\/\\\/carlozaccagnini.it\\\/it\\\/#organization\",\"name\":\"Studio Legale Carlo Zaccagnini\",\"url\":\"https:\\\/\\\/carlozaccagnini.it\\\/it\\\/\",\"logo\":{\"@type\":\"ImageObject\",\"inLanguage\":\"it-IT\",\"@id\":\"https:\\\/\\\/carlozaccagnini.it\\\/it\\\/#\\\/schema\\\/logo\\\/image\\\/\",\"url\":\"https:\\\/\\\/carlozaccagnini.it\\\/wp-content\\\/uploads\\\/2018\\\/09\\\/cropped-icona.jpg\",\"contentUrl\":\"https:\\\/\\\/carlozaccagnini.it\\\/wp-content\\\/uploads\\\/2018\\\/09\\\/cropped-icona.jpg\",\"width\":512,\"height\":512,\"caption\":\"Studio Legale Carlo Zaccagnini\"},\"image\":{\"@id\":\"https:\\\/\\\/carlozaccagnini.it\\\/it\\\/#\\\/schema\\\/logo\\\/image\\\/\"}}]}<\/script>\n<!-- \/ Yoast SEO plugin. -->","yoast_head_json":{"title":"Testimoni ed imputati nel processo penale: chi viene ascoltato per primo? | Studio Legale Avv. Carlo Zaccagnini","description":"\u00c8 ritrattabile la richiesta di accesso al rito alternativo del giudizio abbreviato da parte dell\u2019imputato?","robots":{"index":"index","follow":"follow","max-snippet":"max-snippet:-1","max-image-preview":"max-image-preview:large","max-video-preview":"max-video-preview:-1"},"canonical":"https:\/\/carlozaccagnini.it\/it\/papers\/testimoni-ed-imputati-nel-processo-penale-chi-viene-ascoltato-per-primo\/","og_locale":"it_IT","og_type":"article","og_title":"Testimoni ed imputati nel processo penale: chi viene ascoltato per primo? | Studio Legale Avv. Carlo Zaccagnini","og_description":"\u00c8 ritrattabile la richiesta di accesso al rito alternativo del giudizio abbreviato da parte dell\u2019imputato?","og_url":"https:\/\/carlozaccagnini.it\/it\/papers\/testimoni-ed-imputati-nel-processo-penale-chi-viene-ascoltato-per-primo\/","og_site_name":"Studio Legale Avv. Carlo Zaccagnini","article_modified_time":"2023-07-14T15:05:14+00:00","twitter_card":"summary_large_image","twitter_misc":{"Tempo di lettura stimato":"2 minuti"},"schema":{"@context":"https:\/\/schema.org","@graph":[{"@type":"WebPage","@id":"https:\/\/carlozaccagnini.it\/it\/papers\/testimoni-ed-imputati-nel-processo-penale-chi-viene-ascoltato-per-primo\/","url":"https:\/\/carlozaccagnini.it\/it\/papers\/testimoni-ed-imputati-nel-processo-penale-chi-viene-ascoltato-per-primo\/","name":"Testimoni ed imputati nel processo penale: chi viene ascoltato per primo? | Studio Legale Avv. Carlo Zaccagnini","isPartOf":{"@id":"https:\/\/carlozaccagnini.it\/it\/#website"},"datePublished":"2023-07-14T11:20:50+00:00","dateModified":"2023-07-14T15:05:14+00:00","description":"\u00c8 ritrattabile la richiesta di accesso al rito alternativo del giudizio abbreviato da parte dell\u2019imputato?","breadcrumb":{"@id":"https:\/\/carlozaccagnini.it\/it\/papers\/testimoni-ed-imputati-nel-processo-penale-chi-viene-ascoltato-per-primo\/#breadcrumb"},"inLanguage":"it-IT","potentialAction":[{"@type":"ReadAction","target":["https:\/\/carlozaccagnini.it\/it\/papers\/testimoni-ed-imputati-nel-processo-penale-chi-viene-ascoltato-per-primo\/"]}]},{"@type":"BreadcrumbList","@id":"https:\/\/carlozaccagnini.it\/it\/papers\/testimoni-ed-imputati-nel-processo-penale-chi-viene-ascoltato-per-primo\/#breadcrumb","itemListElement":[{"@type":"ListItem","position":1,"name":"Home","item":"https:\/\/carlozaccagnini.it\/it\/"},{"@type":"ListItem","position":2,"name":"White Papers","item":"https:\/\/carlozaccagnini.it\/it\/papers\/"},{"@type":"ListItem","position":3,"name":"Testimoni ed imputati nel processo penale: chi viene ascoltato per primo?"}]},{"@type":"WebSite","@id":"https:\/\/carlozaccagnini.it\/it\/#website","url":"https:\/\/carlozaccagnini.it\/it\/","name":"Studio Legale Avv. Carlo Zaccagnini","description":"White Collar Crime Defence","publisher":{"@id":"https:\/\/carlozaccagnini.it\/it\/#organization"},"potentialAction":[{"@type":"SearchAction","target":{"@type":"EntryPoint","urlTemplate":"https:\/\/carlozaccagnini.it\/it\/?s={search_term_string}"},"query-input":{"@type":"PropertyValueSpecification","valueRequired":true,"valueName":"search_term_string"}}],"inLanguage":"it-IT"},{"@type":"Organization","@id":"https:\/\/carlozaccagnini.it\/it\/#organization","name":"Studio Legale Carlo Zaccagnini","url":"https:\/\/carlozaccagnini.it\/it\/","logo":{"@type":"ImageObject","inLanguage":"it-IT","@id":"https:\/\/carlozaccagnini.it\/it\/#\/schema\/logo\/image\/","url":"https:\/\/carlozaccagnini.it\/wp-content\/uploads\/2018\/09\/cropped-icona.jpg","contentUrl":"https:\/\/carlozaccagnini.it\/wp-content\/uploads\/2018\/09\/cropped-icona.jpg","width":512,"height":512,"caption":"Studio Legale Carlo Zaccagnini"},"image":{"@id":"https:\/\/carlozaccagnini.it\/it\/#\/schema\/logo\/image\/"}}]}},"_links":{"self":[{"href":"https:\/\/carlozaccagnini.it\/it\/wp-json\/wp\/v2\/pages\/5756","targetHints":{"allow":["GET"]}}],"collection":[{"href":"https:\/\/carlozaccagnini.it\/it\/wp-json\/wp\/v2\/pages"}],"about":[{"href":"https:\/\/carlozaccagnini.it\/it\/wp-json\/wp\/v2\/types\/page"}],"author":[{"embeddable":true,"href":"https:\/\/carlozaccagnini.it\/it\/wp-json\/wp\/v2\/users\/2"}],"replies":[{"embeddable":true,"href":"https:\/\/carlozaccagnini.it\/it\/wp-json\/wp\/v2\/comments?post=5756"}],"version-history":[{"count":0,"href":"https:\/\/carlozaccagnini.it\/it\/wp-json\/wp\/v2\/pages\/5756\/revisions"}],"up":[{"embeddable":true,"href":"https:\/\/carlozaccagnini.it\/it\/wp-json\/wp\/v2\/pages\/4116"}],"wp:attachment":[{"href":"https:\/\/carlozaccagnini.it\/it\/wp-json\/wp\/v2\/media?parent=5756"}],"curies":[{"name":"wp","href":"https:\/\/api.w.org\/{rel}","templated":true}]}}